{"id":3570,"date":"2022-08-04T10:41:26","date_gmt":"2022-08-04T08:41:26","guid":{"rendered":"https:\/\/www.kirowa.cat\/?page_id=3570"},"modified":"2026-03-05T18:33:07","modified_gmt":"2026-03-05T17:33:07","slug":"fotograf","status":"publish","type":"page","link":"https:\/\/www.kirowa.cat\/inici\/fotograf\/","title":{"rendered":"Sobre mi"},"content":{"rendered":"<div class=\"wpb-content-wrapper\"><p>[vc_row][vc_column width=&#8221;5\/6&#8243; uniqid=&#8221;6891d4a302df7&#8243;][vc_column_text css=&#8221;&#8221;]<strong><em>Tot va comen\u00e7ar als set anys quan el meu Avi Antoni, em va regalar la meva primera c\u00e0mera fotog<\/em><\/strong><strong><em>r\u00e0fica, una Super-Capta de rodets de 120mm i de format 4&#215;6,5cm.<br \/>\n<img fetchpriority=\"high\" decoding=\"async\" class=\"alignnone size-medium wp-image-3574\" src=\"https:\/\/www.kirowa.cat\/wp-content\/uploads\/2022\/08\/Kirowa_foto_E-1-5-300x200.jpg\" alt=\"\" width=\"300\" height=\"200\" srcset=\"https:\/\/www.kirowa.cat\/wp-content\/uploads\/2022\/08\/Kirowa_foto_E-1-5-300x200.jpg 300w, https:\/\/www.kirowa.cat\/wp-content\/uploads\/2022\/08\/Kirowa_foto_E-1-5-1024x683.jpg 1024w, https:\/\/www.kirowa.cat\/wp-content\/uploads\/2022\/08\/Kirowa_foto_E-1-5-768x512.jpg 768w, https:\/\/www.kirowa.cat\/wp-content\/uploads\/2022\/08\/Kirowa_foto_E-1-5-1536x1024.jpg 1536w, https:\/\/www.kirowa.cat\/wp-content\/uploads\/2022\/08\/Kirowa_foto_E-1-5-2048x1365.jpg 2048w, https:\/\/www.kirowa.cat\/wp-content\/uploads\/2022\/08\/Kirowa_foto_E-1-5-70x47.jpg 70w\" sizes=\"(max-width: 300px) 100vw, 300px\" \/>\u00a0<\/em><\/strong><\/p>\n<p><strong><em>A finals dels anys seixanta el meu Pare, es va comprar una Minolta SR-7 que compart\u00edem. En aquells moments el meu referent fotogr\u00e0fic era el David Hamilton qui les seves fotografies es destacaven pels colors suaus , les atmosferes difuminades i el gra.<\/em><\/strong><strong><br \/>\n<img decoding=\"async\" class=\"alignnone size-medium wp-image-3575\" src=\"https:\/\/www.kirowa.cat\/wp-content\/uploads\/2022\/08\/Kirowa_foto_E-1-4_1-200x300.jpg\" alt=\"\" width=\"200\" height=\"300\" srcset=\"https:\/\/www.kirowa.cat\/wp-content\/uploads\/2022\/08\/Kirowa_foto_E-1-4_1-200x300.jpg 200w, https:\/\/www.kirowa.cat\/wp-content\/uploads\/2022\/08\/Kirowa_foto_E-1-4_1-683x1024.jpg 683w, https:\/\/www.kirowa.cat\/wp-content\/uploads\/2022\/08\/Kirowa_foto_E-1-4_1-768x1152.jpg 768w, https:\/\/www.kirowa.cat\/wp-content\/uploads\/2022\/08\/Kirowa_foto_E-1-4_1-1024x1536.jpg 1024w, https:\/\/www.kirowa.cat\/wp-content\/uploads\/2022\/08\/Kirowa_foto_E-1-4_1-1365x2048.jpg 1365w, https:\/\/www.kirowa.cat\/wp-content\/uploads\/2022\/08\/Kirowa_foto_E-1-4_1-47x70.jpg 47w, https:\/\/www.kirowa.cat\/wp-content\/uploads\/2022\/08\/Kirowa_foto_E-1-4_1.jpg 1540w\" sizes=\"(max-width: 200px) 100vw, 200px\" \/><br \/>\n<\/strong><strong>La meva formaci\u00f3 \u00e9s autodid\u00e0ctica, mitjan\u00e7ant llibres i revistes de fotografia i sobre tot practicar for\u00e7a, tant en blanc i negre com en diapositiva.<br \/>\n<img decoding=\"async\" class=\"alignnone size-medium wp-image-3576\" src=\"https:\/\/www.kirowa.cat\/wp-content\/uploads\/2022\/08\/Astucia-Fotografica-205x300.jpg\" alt=\"\" width=\"205\" height=\"300\" srcset=\"https:\/\/www.kirowa.cat\/wp-content\/uploads\/2022\/08\/Astucia-Fotografica-205x300.jpg 205w, https:\/\/www.kirowa.cat\/wp-content\/uploads\/2022\/08\/Astucia-Fotografica-48x70.jpg 48w, https:\/\/www.kirowa.cat\/wp-content\/uploads\/2022\/08\/Astucia-Fotografica.jpg 540w\" sizes=\"(max-width: 205px) 100vw, 205px\" \/><br \/>\n<\/strong><strong>El 1973 vaig comen\u00e7ar amb una ampliadora Meopta Opemus III i tot el material per poder revelar en blanc i negre a casa.<br \/>\n<img loading=\"lazy\" decoding=\"async\" class=\"alignnone size-medium wp-image-3577\" src=\"https:\/\/www.kirowa.cat\/wp-content\/uploads\/2022\/08\/Meopta-Opemus-III-1-225x300.jpg\" alt=\"\" width=\"225\" height=\"300\" srcset=\"https:\/\/www.kirowa.cat\/wp-content\/uploads\/2022\/08\/Meopta-Opemus-III-1-225x300.jpg 225w, https:\/\/www.kirowa.cat\/wp-content\/uploads\/2022\/08\/Meopta-Opemus-III-1-53x70.jpg 53w, https:\/\/www.kirowa.cat\/wp-content\/uploads\/2022\/08\/Meopta-Opemus-III-1.jpg 525w\" sizes=\"(max-width: 225px) 100vw, 225px\" \/><br \/>\n<\/strong><strong>Del 1991 al 2003 continuo amb una Canon EOS 100 i despr\u00e9s d\u2019un llarg per\u00edode d\u2019inactivitat fotogr\u00e0fica, del 2003 fins al 2018, m\u2019he tornat a retrobar amb aquesta gran passi\u00f3.<br \/>\n<img loading=\"lazy\" decoding=\"async\" class=\"alignnone size-medium wp-image-3578\" src=\"https:\/\/www.kirowa.cat\/wp-content\/uploads\/2022\/08\/Kirowa_foto_E-1-29-300x200.jpg\" alt=\"\" width=\"300\" height=\"200\" srcset=\"https:\/\/www.kirowa.cat\/wp-content\/uploads\/2022\/08\/Kirowa_foto_E-1-29-300x200.jpg 300w, https:\/\/www.kirowa.cat\/wp-content\/uploads\/2022\/08\/Kirowa_foto_E-1-29-1024x683.jpg 1024w, https:\/\/www.kirowa.cat\/wp-content\/uploads\/2022\/08\/Kirowa_foto_E-1-29-768x512.jpg 768w, https:\/\/www.kirowa.cat\/wp-content\/uploads\/2022\/08\/Kirowa_foto_E-1-29-1536x1024.jpg 1536w, https:\/\/www.kirowa.cat\/wp-content\/uploads\/2022\/08\/Kirowa_foto_E-1-29-2048x1365.jpg 2048w, https:\/\/www.kirowa.cat\/wp-content\/uploads\/2022\/08\/Kirowa_foto_E-1-29-70x47.jpg 70w\" sizes=\"(max-width: 300px) 100vw, 300px\" \/><br \/>\n<\/strong><strong>Actualment, les meves c\u00e0meres s\u00f3n les anal\u00f2giques Minolta SR-7 i la Canon EOS 100 i les Digitals Canon R6 i la Canon R6 Mark II.<br \/>\n<img loading=\"lazy\" decoding=\"async\" class=\"alignnone size-medium wp-image-3579\" src=\"https:\/\/www.kirowa.cat\/wp-content\/uploads\/2022\/08\/R6_6-300x225.jpg\" alt=\"\" width=\"300\" height=\"225\" srcset=\"https:\/\/www.kirowa.cat\/wp-content\/uploads\/2022\/08\/R6_6-300x225.jpg 300w, https:\/\/www.kirowa.cat\/wp-content\/uploads\/2022\/08\/R6_6-1024x768.jpg 1024w, https:\/\/www.kirowa.cat\/wp-content\/uploads\/2022\/08\/R6_6-768x576.jpg 768w, https:\/\/www.kirowa.cat\/wp-content\/uploads\/2022\/08\/R6_6-1536x1152.jpg 1536w, https:\/\/www.kirowa.cat\/wp-content\/uploads\/2022\/08\/R6_6-2048x1536.jpg 2048w, https:\/\/www.kirowa.cat\/wp-content\/uploads\/2022\/08\/R6_6-70x53.jpg 70w\" sizes=\"(max-width: 300px) 100vw, 300px\" \/><br \/>\n<\/strong><strong>La fotografia m\u2019agrada en quasi totes les seves tem\u00e0tiques, encara que el que m\u00e9s em motiva \u00e9s la Natura, l\u2019Arquitectura, el Macro, els Bodegons, el Retrat, la fotografia qu\u00edmica i la fotografia Creativa.<br \/>\n<img loading=\"lazy\" decoding=\"async\" class=\"alignnone size-medium wp-image-4850\" src=\"https:\/\/www.kirowa.cat\/wp-content\/uploads\/2025\/08\/Canon-EOS-100-EOS-R6-EOS-R6-MARK-II-OPTIQUES-300x200.jpg\" alt=\"\" width=\"300\" height=\"200\" srcset=\"https:\/\/www.kirowa.cat\/wp-content\/uploads\/2025\/08\/Canon-EOS-100-EOS-R6-EOS-R6-MARK-II-OPTIQUES-300x200.jpg 300w, https:\/\/www.kirowa.cat\/wp-content\/uploads\/2025\/08\/Canon-EOS-100-EOS-R6-EOS-R6-MARK-II-OPTIQUES-1024x683.jpg 1024w, https:\/\/www.kirowa.cat\/wp-content\/uploads\/2025\/08\/Canon-EOS-100-EOS-R6-EOS-R6-MARK-II-OPTIQUES-768x512.jpg 768w, https:\/\/www.kirowa.cat\/wp-content\/uploads\/2025\/08\/Canon-EOS-100-EOS-R6-EOS-R6-MARK-II-OPTIQUES-1536x1024.jpg 1536w, https:\/\/www.kirowa.cat\/wp-content\/uploads\/2025\/08\/Canon-EOS-100-EOS-R6-EOS-R6-MARK-II-OPTIQUES-2048x1365.jpg 2048w, https:\/\/www.kirowa.cat\/wp-content\/uploads\/2025\/08\/Canon-EOS-100-EOS-R6-EOS-R6-MARK-II-OPTIQUES-70x47.jpg 70w\" sizes=\"(max-width: 300px) 100vw, 300px\" \/><\/strong><\/p>\n<p><span style=\"color: #ff9900;\"><strong><u>Reconeixements<\/u><\/strong><\/span><\/p>\n<p><strong>1977 &#8211; \u00a01r\u00a0 Premi en el II Concurs fotogr\u00e0fic del Club de Vanguardia.<\/strong><\/p>\n<p><strong>1996 \u2013 2001 Dos reportatges professionals de Casaments, en l&#8217;\u00e0mbit familiar. <\/strong><\/p>\n<p><strong>2020 1r Premi del confinament a l\u2019Agrupaci\u00f3 Fotogr\u00e0fica de Catalunya <\/strong><\/p>\n<p><strong>2021 Diploma d&#8217;Assist\u00e8ncia i aprofitament 1r Congr\u00e9s de Jurats de la Confederaci\u00f3n fotogr\u00e0fica d&#8217;Espanya.<\/strong><\/p>\n<p><strong>2021 Diploma d\u2019assist\u00e8ncia i aprofitament 11\u00e8 Congr\u00e9s de Jurats de la Federaci\u00f3 Fotogr\u00e0fica<\/strong><strong>\u00a0de Catalunya.<\/strong><\/p>\n<p><strong>2021-2022 1r Premi en color dels temes obligats Agrupaci\u00f3 Fotogr\u00e0fica de Catalunya.<\/strong><\/p>\n<p><strong>2022 Finalista l&#8217;obra &#8220;Mar i Cel&#8221; al 46\u00e8 Concurs Luis Navarro <\/strong><\/p>\n<p><strong>2022 Diploma 1r classificat Soci d\u2019Afosants al 1er Memorial Dolores Ba\u00f1\u00f3n.<br \/>\n<\/strong><\/p>\n<p><strong>2022 Exposici\u00f3 col\u00b7lectiva del Grup de Natura a la sala Bruno Argem\u00ed de l\u2019Agrupaci\u00f3 Fotogr\u00e0fica de Catalunya.<\/strong><\/p>\n<p><strong>2023 Publicaci\u00f3 de dues fotografies al llibre del Centenari de l\u2019Agrupaci\u00f3 Fotogr\u00e0fica de Catalunya 1923 &#8211; 2023.<\/strong><\/p>\n<p><strong>2023 Encarregat de cobrir fotogr\u00e0ficament tots els actes oficials del <span style=\"color: #00ccff;\"><a style=\"color: #00ccff;\" href=\"https:\/\/www.3cat.cat\/3cat\/video\/6177003\/embed\/\" target=\"_blank\" rel=\"noopener\">Centenari de l\u2019Agrupaci\u00f3 Fotogr\u00e0fica de Catalunya.<\/a><\/span><br \/>\n<\/strong><\/p>\n<p><strong>2023 Diploma d\u2019assist\u00e8ncia i aprofitament 13\u00e8 Congr\u00e9s de Jurats de la Federaci\u00f3 Fotogr\u00e0fica de Catalunya.<\/strong><\/p>\n<p><strong>2023 Reportatge fotogr\u00e0fic encarregat per l\u2019Eix Fabra Centre per la inauguraci\u00f3 de la fusi\u00f3 amb l\u2019Entorn Virrei i presentaci\u00f3 de la nova\u00a0 imatge del nou Eix.<\/strong><\/p>\n<p><strong>Fotografies del marxandatge de la nova imatge de l&#8217;Eix per l\u2019Ajuntament.<\/strong><\/p>\n<p>2<strong>023 Exposici\u00f3 col\u00b7lectiva \u201cl\u2019Ahir i l\u2019Avui del Barri G\u00f2tic\u201d. Interpretaci\u00f3 fotogr\u00e0fica de l\u2019espai al Centre C\u00edvic Pati Llimona.<\/strong><\/p>\n<p><strong>2023 Exposici\u00f3 col\u00b7lectiva \u201cl\u2019Ahir i l\u2019Avui de Nou Barris\u201d. Interpretaci\u00f3 fotogr\u00e0fica de l\u2019espai al Centre C\u00edvic de Can Bast\u00e9 &#8211; Nou Barris.<\/strong><\/p>\n<p><strong>2024 Exposici\u00f3 col\u00b7lectiva \u201cl\u2019Ahir i l\u2019Avui de Nou Barris\u201d. Interpretaci\u00f3 fotogr\u00e0fica de l\u2019espai a la Seu de l\u2019Arxiu Hist\u00f2ric de Roquetes &#8211; Nou Barris.<\/strong><\/p>\n<p><strong>2024 Exposici\u00f3 col\u00b7lectiva \u201cEls ocells de casa nostre\u201d al Festival de la imatge de Calella FestImatge.<br \/>\n<\/strong><\/p>\n<p><strong>2024 1r Premi del concurs fotogr\u00e0fic \u201cla setmana de les Terrasses dels Hotels 2024\u201d a l\u2019Hotel Ohla de la Via Laietana de Barcelona.<\/strong><\/p>\n<p><strong>2024 Exposici\u00f3 col\u00b7lectiva de Natura al MontPhoto Fest 2024<br \/>\n<\/strong><\/p>\n<p><strong>2024 Certificat d\u2019aprofitament del curs de CONSERVACI\u00d3 PREVENTIVA EN COL\u00b7 LECCIONS FOTOGR\u00c0FIQUES organitzat per VERAICON.<\/strong><\/p>\n<p><strong>2024 Diploma d\u2019assist\u00e8ncia i aprofitament 14\u00e8 Congr\u00e9s de Jurats de la Federaci\u00f3 Fotogr\u00e0fica de Catalunya.<br \/>\n<\/strong><\/p>\n<p><strong>2025 Exposici\u00f3 col\u00b7lectiva \u201cl\u2019Ahir i l\u2019Avui de Nou Barris\u201d. Interpretaci\u00f3 fotogr\u00e0fica de l\u2019espai a la Casa de l&#8217;Aigua.<br \/>\n<\/strong><\/p>\n<p><strong>2025 Exposici\u00f3 col\u00b7lectiva \u201cEl rodet de l&#8217;AFC\u201d a l&#8217;Agrupaci\u00f3 Fotogr\u00e0fica de Catalunya.<\/strong><\/p>\n<p><strong>2025 Diploma d&#8217;Assist\u00e8ncia i aprofitament 3r Congr\u00e9s de Jurats de la Confederaci\u00f3n fotogr\u00e0fica d&#8217;Espanya.<\/strong><\/p>\n<p><strong>2025 Exposici\u00f3 col\u00b7lectiva de fotografia Qu\u00edmica \u201cObrim a la llum la nostra cambra fosca\u201d<\/strong><\/p>\n<p><strong>2025 Participaci\u00f3 fotogr\u00e0fica en el calendari del 2026 de l\u2019Agrupaci\u00f3 Fotogr\u00e0fica de Catalunya.<br \/>\n<\/strong><\/p>\n<p><strong>2025 Diploma d\u2019assist\u00e8ncia i aprofitament 15\u00e8 Congr\u00e9s de Jurats de la Federaci\u00f3 Fotogr\u00e0fica de Catalunya.<\/strong><\/p>\n<p><strong>2026 Exposici\u00f3 col\u00b7lectiva \u201cSubterranis de llum i aigua\u201d La Casa de l&#8217;Aigua de Trinitat Nova.<\/strong><\/p>\n<p>&nbsp;<\/p>\n<p>&nbsp;<\/p>\n<p>&nbsp;<\/p>\n<p>&nbsp;<\/p>\n<p>&nbsp;<\/p>\n<p>&nbsp;<\/p>\n<p>&nbsp;<\/p>\n<p><span style=\"color: #ff9900;\"><strong><u>Col\u00b7laboracions<\/u><\/strong><\/span><\/p>\n<p><strong>2018-2021 He format part del Grup de Patrimoni en les tasques d\u2019inventari, classificaci\u00f3, conservaci\u00f3 de les imatges de l\u2019AFC i confecci\u00f3 del protocol de digitalitzaci\u00f3. He creat una Base de Dades per\u00a0 poder inventariar les imatges del Arxiu i he digitalitzat tant negatius com positius en tots els seus formats i suports. He col\u00b7laborat en l\u2019acceptaci\u00f3, recollida, digitalitzaci\u00f3, classificaci\u00f3 i inventari, del material fotogr\u00e0fic aportat a trav\u00e9s de donacions.<\/strong><\/p>\n<p><strong>He format part del Grup de Recerca ajudant a documentar, digitalitzar i publicar a les xarxes socials de AFC.<\/strong><\/p>\n<p><strong>He format part del Grup Femen\u00ed ajudant a documentar i preparar diversos projectes d\u2019Exposicions.<\/strong><\/p>\n<p><strong>He col\u00b7laborat en la reforma de l\u2019AFC en diferents tasques, especialment a les dues sales de Patrimoni i al laboratori anal\u00f2gic.<br \/>\n<\/strong><\/p>\n<p><strong>2024 He format part amb l&#8217;AFC de la <span style=\"color: #00ccff;\"><a style=\"color: #00ccff;\" href=\"https:\/\/www.kirowa.cat\/wp-content\/uploads\/2025\/07\/AFC-recreacio-de-la-primera-fotografia-feta-a-Espanya.pdf\" target=\"_blank\" rel=\"noopener\"><span style=\"color: #ff9900;\">recreaci\u00f3<\/span> de la primera fotografia feta a Espanya l&#8217;any 1839 al Pla de Palau de Barcelona, amb una c\u00e0mera de molla de finals del segle XIX.<\/a>\u00a0<\/span><br \/>\n<\/strong><\/p>\n<p><strong>2026 Digitalitzaci\u00f3 del negatiu de la placa de la recreaci\u00f3 de la primera fotografia feta al Pla de Palau,<span style=\"color: #00ccff;\"> <a style=\"color: #00ccff;\" href=\"https:\/\/www.kirowa.cat\/wp-content\/uploads\/2026\/03\/Kirowa_foto_primera_fotografia.jpg\">positivat i impressi\u00f3 de 100cm x 70cm per l&#8217;exposici\u00f3 a l&#8217;Agrupaci\u00f3 Fotogr\u00e0fica de Catalunya.<\/a><\/span><\/strong><\/p>\n<p>&nbsp;<\/p>\n<p><span style=\"color: #ff9900;\"><strong><u>Obra publicada<\/u><\/strong><\/span><\/p>\n<p><strong>P\u00e0gina web <\/strong><a href=\"http:\/\/www.kirowa.cat\"><strong>www.kirowa.cat<\/strong><\/a><strong>\u00a0 \u00a0<\/strong><\/p>\n<p><a href=\"https:\/\/www.instagram.com\/kirowa_foto\/\"><strong>Instagram @kirowa_foto<\/strong><\/a><\/p>\n<p><a href=\"https:\/\/500px.com\/p\/Kirowa_foto?view=photos\"><strong>500px kirowa_foto<\/strong><\/a><\/p>\n<p><a href=\"https:\/\/www.flickr.com\/photos\/163066941@N05\/\"><strong>Flickr kirowa_foto<\/strong><\/a>[\/vc_column_text][\/vc_column][\/vc_row]<\/p>\n<\/div>","protected":false},"excerpt":{"rendered":"<p>[vc_row][vc_column width=&#8221;5\/6&#8243; uniqid=&#8221;6891d4a302df7&#8243;][vc_column_text css=&#8221;&#8221;]Tot va comen\u00e7ar als set anys quan el meu Avi Antoni, em va regalar la meva primera c\u00e0mera fotogr\u00e0fica, una Super-Capta de rodets de 120mm i de format 4&#215;6,5cm. \u00a0 A finals dels anys seixanta el meu Pare, es va comprar una Minolta SR-7 que compart\u00edem. En aquells moments el meu referent [&hellip;]<\/p>\n","protected":false},"author":1,"featured_media":3568,"parent":0,"menu_order":0,"comment_status":"closed","ping_status":"closed","template":"","meta":{"_acf_changed":false,"_monsterinsights_skip_tracking":false,"_monsterinsights_sitenote_active":false,"_monsterinsights_sitenote_note":"","_monsterinsights_sitenote_category":0,"footnotes":""},"class_list":["post-3570","page","type-page","status-publish","has-post-thumbnail","hentry"],"acf":[],"yoast_head":"<!-- This site is optimized with the Yoast SEO plugin v27.5 - https:\/\/yoast.com\/product\/yoast-seo-wordpress\/ -->\n<title>Sobre mi - Kirowa foto Fotografia Digital i Anal\u00f2gica<\/title>\n<meta name=\"description\" content=\"Albert Ca\u00f1ellas Xarau, Fot\u00f2graf, estic associat a l&#039;Agrupaci\u00f3 Fotogr\u00e0fica de Catalunya (AFC), a l&#039;Associaci\u00f3 Fotogr\u00e0fica d&#039;Afosants (AFS), a la Federaci\u00f3 Catalana de Fotografia FCF i a la Confederaci\u00f3n Espa\u00f1ola de Fotografia CFOTO.\" \/>\n<meta name=\"robots\" content=\"index, follow, max-snippet:-1, max-image-preview:large, max-video-preview:-1\" \/>\n<link rel=\"canonical\" href=\"https:\/\/www.kirowa.cat\/inici\/fotograf\/\" \/>\n<meta property=\"og:locale\" content=\"ca_ES\" \/>\n<meta property=\"og:type\" content=\"article\" \/>\n<meta property=\"og:title\" content=\"Sobre mi - Kirowa foto Fotografia Digital i Anal\u00f2gica\" \/>\n<meta property=\"og:description\" content=\"Albert Ca\u00f1ellas Xarau, Fot\u00f2graf, estic associat a l&#039;Agrupaci\u00f3 Fotogr\u00e0fica de Catalunya (AFC), a l&#039;Associaci\u00f3 Fotogr\u00e0fica d&#039;Afosants (AFS), a la Federaci\u00f3 Catalana de Fotografia FCF i a la Confederaci\u00f3n Espa\u00f1ola de Fotografia CFOTO.\" \/>\n<meta property=\"og:url\" content=\"https:\/\/www.kirowa.cat\/inici\/fotograf\/\" \/>\n<meta property=\"og:site_name\" content=\"Kirowa foto Fotografia Digital i Anal\u00f2gica\" \/>\n<meta property=\"article:publisher\" content=\"https:\/\/www.facebook.com\/kirowa.krw\/\" \/>\n<meta property=\"article:modified_time\" content=\"2026-03-05T17:33:07+00:00\" \/>\n<meta property=\"og:image\" content=\"https:\/\/www.kirowa.cat\/wp-content\/uploads\/2022\/08\/R6_6020.jpg\" \/>\n\t<meta property=\"og:image:width\" content=\"1540\" \/>\n\t<meta property=\"og:image:height\" content=\"1349\" \/>\n\t<meta property=\"og:image:type\" content=\"image\/jpeg\" \/>\n<meta name=\"twitter:card\" content=\"summary_large_image\" \/>\n<meta name=\"twitter:site\" content=\"@KirowaF77937\" \/>\n<script type=\"application\/ld+json\" class=\"yoast-schema-graph\">{\"@context\":\"https:\\\/\\\/schema.org\",\"@graph\":[{\"@type\":\"WebPage\",\"@id\":\"https:\\\/\\\/www.kirowa.cat\\\/inici\\\/fotograf\\\/\",\"url\":\"https:\\\/\\\/www.kirowa.cat\\\/inici\\\/fotograf\\\/\",\"name\":\"Sobre mi - Kirowa foto Fotografia Digital i Anal\u00f2gica\",\"isPartOf\":{\"@id\":\"https:\\\/\\\/www.kirowa.cat\\\/inici\\\/#website\"},\"primaryImageOfPage\":{\"@id\":\"https:\\\/\\\/www.kirowa.cat\\\/inici\\\/fotograf\\\/#primaryimage\"},\"image\":{\"@id\":\"https:\\\/\\\/www.kirowa.cat\\\/inici\\\/fotograf\\\/#primaryimage\"},\"thumbnailUrl\":\"https:\\\/\\\/www.kirowa.cat\\\/wp-content\\\/uploads\\\/2022\\\/08\\\/R6_6020.jpg\",\"datePublished\":\"2022-08-04T08:41:26+00:00\",\"dateModified\":\"2026-03-05T17:33:07+00:00\",\"description\":\"Albert Ca\u00f1ellas Xarau, Fot\u00f2graf, estic associat a l'Agrupaci\u00f3 Fotogr\u00e0fica de Catalunya (AFC), a l'Associaci\u00f3 Fotogr\u00e0fica d'Afosants (AFS), a la Federaci\u00f3 Catalana de Fotografia FCF i a la Confederaci\u00f3n Espa\u00f1ola de Fotografia CFOTO.\",\"breadcrumb\":{\"@id\":\"https:\\\/\\\/www.kirowa.cat\\\/inici\\\/fotograf\\\/#breadcrumb\"},\"inLanguage\":\"ca\",\"potentialAction\":[{\"@type\":\"ReadAction\",\"target\":[\"https:\\\/\\\/www.kirowa.cat\\\/inici\\\/fotograf\\\/\"]}]},{\"@type\":\"ImageObject\",\"inLanguage\":\"ca\",\"@id\":\"https:\\\/\\\/www.kirowa.cat\\\/inici\\\/fotograf\\\/#primaryimage\",\"url\":\"https:\\\/\\\/www.kirowa.cat\\\/wp-content\\\/uploads\\\/2022\\\/08\\\/R6_6020.jpg\",\"contentUrl\":\"https:\\\/\\\/www.kirowa.cat\\\/wp-content\\\/uploads\\\/2022\\\/08\\\/R6_6020.jpg\",\"width\":1540,\"height\":1349},{\"@type\":\"BreadcrumbList\",\"@id\":\"https:\\\/\\\/www.kirowa.cat\\\/inici\\\/fotograf\\\/#breadcrumb\",\"itemListElement\":[{\"@type\":\"ListItem\",\"position\":1,\"name\":\"Inici\",\"item\":\"https:\\\/\\\/www.kirowa.cat\\\/inici\\\/\"},{\"@type\":\"ListItem\",\"position\":2,\"name\":\"Sobre mi\"}]},{\"@type\":\"WebSite\",\"@id\":\"https:\\\/\\\/www.kirowa.cat\\\/inici\\\/#website\",\"url\":\"https:\\\/\\\/www.kirowa.cat\\\/inici\\\/\",\"name\":\"Kirowa foto Fotografia Digital i Anal\u00f2gica\",\"description\":\"Albert Ca\u00f1ellas Xarau\",\"publisher\":{\"@id\":\"https:\\\/\\\/www.kirowa.cat\\\/inici\\\/#organization\"},\"alternateName\":\"Kirowa foto\",\"potentialAction\":[{\"@type\":\"SearchAction\",\"target\":{\"@type\":\"EntryPoint\",\"urlTemplate\":\"https:\\\/\\\/www.kirowa.cat\\\/inici\\\/?s={search_term_string}\"},\"query-input\":{\"@type\":\"PropertyValueSpecification\",\"valueRequired\":true,\"valueName\":\"search_term_string\"}}],\"inLanguage\":\"ca\"},{\"@type\":\"Organization\",\"@id\":\"https:\\\/\\\/www.kirowa.cat\\\/inici\\\/#organization\",\"name\":\"Kirowa foto\",\"alternateName\":\"KRW\",\"url\":\"https:\\\/\\\/www.kirowa.cat\\\/inici\\\/\",\"logo\":{\"@type\":\"ImageObject\",\"inLanguage\":\"ca\",\"@id\":\"https:\\\/\\\/www.kirowa.cat\\\/inici\\\/#\\\/schema\\\/logo\\\/image\\\/\",\"url\":\"https:\\\/\\\/www.kirowa.cat\\\/wp-content\\\/uploads\\\/2023\\\/02\\\/LOGO-KRW-FOTO-512x512-1.png\",\"contentUrl\":\"https:\\\/\\\/www.kirowa.cat\\\/wp-content\\\/uploads\\\/2023\\\/02\\\/LOGO-KRW-FOTO-512x512-1.png\",\"width\":512,\"height\":512,\"caption\":\"Kirowa foto\"},\"image\":{\"@id\":\"https:\\\/\\\/www.kirowa.cat\\\/inici\\\/#\\\/schema\\\/logo\\\/image\\\/\"},\"sameAs\":[\"https:\\\/\\\/www.facebook.com\\\/kirowa.krw\\\/\",\"https:\\\/\\\/x.com\\\/KirowaF77937\",\"https:\\\/\\\/www.instagram.com\\\/kirowa_foto\\\/\",\"https:\\\/\\\/500px.com\\\/p\\\/Kirowa_foto?view=photos\",\"https:\\\/\\\/www.flickr.com\\\/photos\\\/163066941@N05\\\/\",\"https:\\\/\\\/www.pinterest.es\\\/Kirowa_fashion\\\/\"]}]}<\/script>\n<!-- \/ Yoast SEO plugin. -->","yoast_head_json":{"title":"Sobre mi - Kirowa foto Fotografia Digital i Anal\u00f2gica","description":"Albert Ca\u00f1ellas Xarau, Fot\u00f2graf, estic associat a l'Agrupaci\u00f3 Fotogr\u00e0fica de Catalunya (AFC), a l'Associaci\u00f3 Fotogr\u00e0fica d'Afosants (AFS), a la Federaci\u00f3 Catalana de Fotografia FCF i a la Confederaci\u00f3n Espa\u00f1ola de Fotografia CFOTO.","robots":{"index":"index","follow":"follow","max-snippet":"max-snippet:-1","max-image-preview":"max-image-preview:large","max-video-preview":"max-video-preview:-1"},"canonical":"https:\/\/www.kirowa.cat\/inici\/fotograf\/","og_locale":"ca_ES","og_type":"article","og_title":"Sobre mi - Kirowa foto Fotografia Digital i Anal\u00f2gica","og_description":"Albert Ca\u00f1ellas Xarau, Fot\u00f2graf, estic associat a l'Agrupaci\u00f3 Fotogr\u00e0fica de Catalunya (AFC), a l'Associaci\u00f3 Fotogr\u00e0fica d'Afosants (AFS), a la Federaci\u00f3 Catalana de Fotografia FCF i a la Confederaci\u00f3n Espa\u00f1ola de Fotografia CFOTO.","og_url":"https:\/\/www.kirowa.cat\/inici\/fotograf\/","og_site_name":"Kirowa foto Fotografia Digital i Anal\u00f2gica","article_publisher":"https:\/\/www.facebook.com\/kirowa.krw\/","article_modified_time":"2026-03-05T17:33:07+00:00","og_image":[{"width":1540,"height":1349,"url":"https:\/\/www.kirowa.cat\/wp-content\/uploads\/2022\/08\/R6_6020.jpg","type":"image\/jpeg"}],"twitter_card":"summary_large_image","twitter_site":"@KirowaF77937","schema":{"@context":"https:\/\/schema.org","@graph":[{"@type":"WebPage","@id":"https:\/\/www.kirowa.cat\/inici\/fotograf\/","url":"https:\/\/www.kirowa.cat\/inici\/fotograf\/","name":"Sobre mi - Kirowa foto Fotografia Digital i Anal\u00f2gica","isPartOf":{"@id":"https:\/\/www.kirowa.cat\/inici\/#website"},"primaryImageOfPage":{"@id":"https:\/\/www.kirowa.cat\/inici\/fotograf\/#primaryimage"},"image":{"@id":"https:\/\/www.kirowa.cat\/inici\/fotograf\/#primaryimage"},"thumbnailUrl":"https:\/\/www.kirowa.cat\/wp-content\/uploads\/2022\/08\/R6_6020.jpg","datePublished":"2022-08-04T08:41:26+00:00","dateModified":"2026-03-05T17:33:07+00:00","description":"Albert Ca\u00f1ellas Xarau, Fot\u00f2graf, estic associat a l'Agrupaci\u00f3 Fotogr\u00e0fica de Catalunya (AFC), a l'Associaci\u00f3 Fotogr\u00e0fica d'Afosants (AFS), a la Federaci\u00f3 Catalana de Fotografia FCF i a la Confederaci\u00f3n Espa\u00f1ola de Fotografia CFOTO.","breadcrumb":{"@id":"https:\/\/www.kirowa.cat\/inici\/fotograf\/#breadcrumb"},"inLanguage":"ca","potentialAction":[{"@type":"ReadAction","target":["https:\/\/www.kirowa.cat\/inici\/fotograf\/"]}]},{"@type":"ImageObject","inLanguage":"ca","@id":"https:\/\/www.kirowa.cat\/inici\/fotograf\/#primaryimage","url":"https:\/\/www.kirowa.cat\/wp-content\/uploads\/2022\/08\/R6_6020.jpg","contentUrl":"https:\/\/www.kirowa.cat\/wp-content\/uploads\/2022\/08\/R6_6020.jpg","width":1540,"height":1349},{"@type":"BreadcrumbList","@id":"https:\/\/www.kirowa.cat\/inici\/fotograf\/#breadcrumb","itemListElement":[{"@type":"ListItem","position":1,"name":"Inici","item":"https:\/\/www.kirowa.cat\/inici\/"},{"@type":"ListItem","position":2,"name":"Sobre mi"}]},{"@type":"WebSite","@id":"https:\/\/www.kirowa.cat\/inici\/#website","url":"https:\/\/www.kirowa.cat\/inici\/","name":"Kirowa foto Fotografia Digital i Anal\u00f2gica","description":"Albert Ca\u00f1ellas Xarau","publisher":{"@id":"https:\/\/www.kirowa.cat\/inici\/#organization"},"alternateName":"Kirowa foto","potentialAction":[{"@type":"SearchAction","target":{"@type":"EntryPoint","urlTemplate":"https:\/\/www.kirowa.cat\/inici\/?s={search_term_string}"},"query-input":{"@type":"PropertyValueSpecification","valueRequired":true,"valueName":"search_term_string"}}],"inLanguage":"ca"},{"@type":"Organization","@id":"https:\/\/www.kirowa.cat\/inici\/#organization","name":"Kirowa foto","alternateName":"KRW","url":"https:\/\/www.kirowa.cat\/inici\/","logo":{"@type":"ImageObject","inLanguage":"ca","@id":"https:\/\/www.kirowa.cat\/inici\/#\/schema\/logo\/image\/","url":"https:\/\/www.kirowa.cat\/wp-content\/uploads\/2023\/02\/LOGO-KRW-FOTO-512x512-1.png","contentUrl":"https:\/\/www.kirowa.cat\/wp-content\/uploads\/2023\/02\/LOGO-KRW-FOTO-512x512-1.png","width":512,"height":512,"caption":"Kirowa foto"},"image":{"@id":"https:\/\/www.kirowa.cat\/inici\/#\/schema\/logo\/image\/"},"sameAs":["https:\/\/www.facebook.com\/kirowa.krw\/","https:\/\/x.com\/KirowaF77937","https:\/\/www.instagram.com\/kirowa_foto\/","https:\/\/500px.com\/p\/Kirowa_foto?view=photos","https:\/\/www.flickr.com\/photos\/163066941@N05\/","https:\/\/www.pinterest.es\/Kirowa_fashion\/"]}]}},"_links":{"self":[{"href":"https:\/\/www.kirowa.cat\/inici\/wp-json\/wp\/v2\/pages\/3570","targetHints":{"allow":["GET"]}}],"collection":[{"href":"https:\/\/www.kirowa.cat\/inici\/wp-json\/wp\/v2\/pages"}],"about":[{"href":"https:\/\/www.kirowa.cat\/inici\/wp-json\/wp\/v2\/types\/page"}],"author":[{"embeddable":true,"href":"https:\/\/www.kirowa.cat\/inici\/wp-json\/wp\/v2\/users\/1"}],"replies":[{"embeddable":true,"href":"https:\/\/www.kirowa.cat\/inici\/wp-json\/wp\/v2\/comments?post=3570"}],"version-history":[{"count":38,"href":"https:\/\/www.kirowa.cat\/inici\/wp-json\/wp\/v2\/pages\/3570\/revisions"}],"predecessor-version":[{"id":4890,"href":"https:\/\/www.kirowa.cat\/inici\/wp-json\/wp\/v2\/pages\/3570\/revisions\/4890"}],"wp:featuredmedia":[{"embeddable":true,"href":"https:\/\/www.kirowa.cat\/inici\/wp-json\/wp\/v2\/media\/3568"}],"wp:attachment":[{"href":"https:\/\/www.kirowa.cat\/inici\/wp-json\/wp\/v2\/media?parent=3570"}],"curies":[{"name":"wp","href":"https:\/\/api.w.org\/{rel}","templated":true}]}}